{"id":56,"date":"2024-02-05T19:48:10","date_gmt":"2024-02-05T22:48:10","guid":{"rendered":"https:\/\/www.ibraop.org.br\/enaop2024\/?page_id=56"},"modified":"2024-06-14T16:42:29","modified_gmt":"2024-06-14T19:42:29","slug":"programacao","status":"publish","type":"page","link":"https:\/\/www.ibraop.org.br\/enaop2024\/programacao\/","title":{"rendered":"Programa\u00e7\u00e3o"},"content":{"rendered":"<div id=\"pl-56\"  class=\"panel-layout\" ><div id=\"pg-56-0\"  class=\"panel-grid panel-no-style\" ><div id=\"pgc-56-0-0\"  class=\"panel-grid-cell panel-grid-cell-empty\" ><\/div><div id=\"pgc-56-0-1\"  class=\"panel-grid-cell panel-grid-cell-mobile-last\" ><div id=\"panel-56-0-1-0\" class=\"so-panel widget widget_sow-editor panel-first-child panel-last-child\" data-index=\"0\" ><div\n\t\t\t\n\t\t\tclass=\"so-widget-sow-editor so-widget-sow-editor-base\"\n\t\t\t\n\t\t><h3 class=\"widget-title\">Programa\u00e7\u00e3o<\/h3>\n<div class=\"siteorigin-widget-tinymce textwidget\">\n\t<h6><\/h6>\n<h6 style=\"text-align: right;\"><span style=\"color: #ff6600;\">(atualizada em 14\/06\/2024)<\/span><\/h6>\n<p style=\"text-align: right;\"><strong><span style=\"color: #000080;\">\u203a 20 horas\/aula<\/span><\/strong><\/p>\n<p style=\"text-align: right;\"><a href=\"https:\/\/www.ibraop.org.br\/enaop2024\/wp-content\/uploads\/sites\/5\/2024\/06\/Programacaov1406-2.pdf\" target=\"_blank\" rel=\"noopener\"><strong><span style=\"color: #ff0000;\">vers\u00e3o impress\u00e3o<\/span><\/strong><\/a><\/p>\n<h3><span style=\"color: #000080;\"><b>Dia 12 de junho<\/b><\/span><\/h3>\n<p style=\"padding-left: 40px;\"><span style=\"font-weight: 400;\"><strong>13h \u00e0s 16h30<\/strong> - Assembleia Geral do Ibraop<\/span><\/p>\n<p style=\"padding-left: 40px;\"><span style=\"font-weight: 400;\"><strong>15h30 \u00e0s 16h30<\/strong> - Credenciamento<\/span><\/p>\n<p style=\"padding-left: 40px;\"><span style=\"font-weight: 400;\"><strong>17h \u00e0s 18h<\/strong> - Solenidade de Abertura<\/span><\/p>\n<p style=\"padding-left: 40px;\"><span style=\"font-weight: 400;\"><strong>18h \u00e0s 18h30<\/strong>\u00a0- <strong>C1<\/strong> - <\/span>\"O Ibraop e o planejamento de infraestrutura\",<\/p>\n<p style=\"padding-left: 160px;\">com Adriana Portugal (Ibraop\/TCDF)<\/p>\n<p style=\"padding-left: 40px;\"><strong>18h30 \u00e0s 19h30<\/strong>\u00a0- Divulga\u00e7\u00f5es dos Materiais T\u00e9cnicos do Ibraop<\/p>\n<p style=\"padding-left: 160px;\"><strong>Moderadora:\u00a0Conselheira Lilian de Almeida Veloso Nunes Martins (TCE-PI)<\/strong><\/p>\n<p style=\"padding-left: 160px;\"><strong>DV1:<\/strong>\u00a0\"Livro digital: Gest\u00e3o, controle e regula\u00e7\u00e3o do saneamento b\u00e1sico\u201d,<br \/>\ncom Val\u00e9ria Gonzaga (TCE-MG) e S\u00edlvia Guedes Gallardo (TCE-SP)<\/p>\n<p style=\"padding-left: 160px;\"><strong>DV2:<\/strong> \"OT: Reequil\u00edbrio econ\u00f4mico-financeiro (em consulta p\u00fablica)\u201d,<br \/>\ncom S\u00edlvia Damasceno (TCDF)<\/p>\n<p style=\"padding-left: 160px;\"><strong>DV3:<\/strong> \"Nota T\u00e9cnica sobre o Sistema de Registro de Pre\u00e7os\u201d,<br \/>\ncom \u00c9ricka C\u00e2ndido (TCM-GO)<\/p>\n<p style=\"padding-left: 160px;\"><strong>DV4:<\/strong> \"Nota T\u00e9cnica sobre Retomada de Obra Paralisada\u201d,<br \/>\ncom Narda Consuelo Vit\u00f3rio Neiva Silva (TCE-MT)<\/p>\n<p style=\"padding-left: 160px;\"><strong>DV5:<\/strong> \"Procedimentos de Impactos Socioambiental\u201d,<br \/>\ncom Amanda Faria Lima (Transpar\u00eancia Internacional - Brasil)<\/p>\n<p style=\"padding-left: 160px;\"><strong>DV6:<\/strong> \"Procedimento de Obras Rodovi\u00e1rias: Diretrizes de auditoria\u201d,<br \/>\ncom Claudeny Santana (TCE-MS)<\/p>\n<p style=\"padding-left: 40px;\"><strong>19h30 \u00e0s 22h<\/strong> - Coquetel de Abertura \u00a0e Lan\u00e7amento dos livros\u00a0\u201c<strong>Obras P\u00fablicas: Esclarecendo suas D\u00favidas<\/strong>\u201d<\/p>\n<p style=\"padding-left: 160px;\">(Volumes 1, 2, 3 e 4), de Pedro Jorge Rocha de Oliveira, e \"<strong>Tribunais de Contas e os Processos<\/strong><\/p>\n<p style=\"padding-left: 160px;\"><strong>de Desestatiza\u00e7\u00e3o<\/strong>\", de Silvia Damasceno e outros seis autores.<\/p>\n<p style=\"padding-left: 40px;\"><strong>22h<\/strong> - Encerramento das atividades do 1\u00ba dia<\/p>\n<p>&nbsp;<\/p>\n<hr \/>\n<h3><span style=\"color: #000080;\"><b>Dia 13 de junho<\/b><\/span><\/h3>\n<p style=\"padding-left: 40px;\"><span style=\"color: #993300;\"><strong>Painel 1 -<\/strong><\/span><strong>\u00a0<span style=\"color: #333333;\">Moderador: Vice presidente do Ibraop, Anderson Uliana Rolim (TCE-ES)<\/span><\/strong><\/p>\n<p style=\"padding-left: 40px;\"><span style=\"font-weight: 400;\"><strong>9h \u00e0s 9h30<\/strong> - <strong>P1<\/strong> - \u201cA atua\u00e7\u00e3o do TCU no planejamento da infraestrutura\u201d,<\/span><\/p>\n<p style=\"padding-left: 160px;\"><span style=\"font-weight: 400;\">com Carlos Rafael Menin Sim\u00f5es (TCU)<\/span><\/p>\n<p style=\"padding-left: 40px;\"><span style=\"font-weight: 400;\"><strong>9h30 \u00e0s 10h<\/strong> - <strong>P2<\/strong> - \u00a0\u201cProcedimentos Socioambientais: planejamento da infraestrutura\u201d, <\/span><\/p>\n<p style=\"padding-left: 160px;\"><span style=\"font-weight: 400;\">com Anderson Uliana Rolim (Ibraop\/TCE-ES)<\/span><\/p>\n<p style=\"padding-left: 40px;\"><span style=\"font-weight: 400;\"><strong>10h \u00e0s 10h30<\/strong> - <strong>P3<\/strong> - \"Nota T\u00e9cnica do IBRAOP\/GT INFRA\/IEMA\/ISA\u201d, <\/span><\/p>\n<p style=\"padding-left: 160px;\"><span style=\"font-weight: 400;\">com Andr\u00e9 Ferreira (IEMA)<\/span><\/p>\n<p style=\"padding-left: 40px;\"><span style=\"font-weight: 400;\"><strong>10h30 \u00e0s 11h<\/strong> - <strong>P4<\/strong> - \"Reflex\u00e3o municipal sobre obras p\u00fablicas\", <\/span><\/p>\n<p style=\"padding-left: 160px;\"><span style=\"font-weight: 400;\">com Alessandra Ferreira (CNM)<br \/>\n<\/span><\/p>\n<p style=\"padding-left: 40px;\"><span style=\"font-weight: 400;\"><strong>11h \u00e0s 12h<\/strong> - Debate<\/span><\/p>\n<p style=\"padding-left: 40px;\"><span style=\"font-weight: 400;\"><strong>12h \u00e0s 14h<\/strong>\u00a0- Intervalo para o almo\u00e7o<\/span><\/p>\n<p>&nbsp;<\/p>\n<p style=\"padding-left: 40px;\"><span style=\"color: #993300;\"><b>Painel 2 - <span style=\"color: #333333;\">Moderadora: Diretora de Comunica\u00e7\u00e3o do Ibraop, Narda Consuelo Vit\u00f3rio Neiva Silva (TCE-MT)<\/span><\/b><\/span><\/p>\n<p style=\"padding-left: 40px;\"><span style=\"font-weight: 400;\"><strong>14h \u00e0s 14h30<\/strong> - <strong>P5<\/strong> - \"Tomada de decis\u00e3o de projetos de infraestrutura\", <\/span><\/p>\n<p style=\"padding-left: 160px;\"><span style=\"font-weight: 400;\">com Mariano Lafuente (BID)<\/span><\/p>\n<p style=\"padding-left: 40px;\"><span style=\"font-weight: 400;\"><strong>14h30 \u00e0s 15h<\/strong> - <strong>P6<\/strong> - \"Garantia da financiabilidade de projetos de infraestrutura\u201d,<\/span><\/p>\n<p style=\"padding-left: 160px;\"><span style=\"font-weight: 400;\">com Fl\u00e1vio Gavazza (CAIXA)<\/span><\/p>\n<p style=\"padding-left: 40px;\"><span style=\"font-weight: 400;\"><strong>15h \u00e0s 15h30<\/strong> - Debate<\/span><\/p>\n<p style=\"padding-left: 40px;\"><span style=\"font-weight: 400;\"><strong>15h30 \u00e0s 16h<\/strong> - Intervalo para <em>coffee break<\/em><\/span><\/p>\n<p>&nbsp;<\/p>\n<p style=\"padding-left: 40px;\"><span style=\"color: #993300;\"><b>Painel 3 - <span style=\"color: #333333;\">Moderador: Diretor Financeiro Adjunto do Ibraop, Arist\u00f3teles Sampaio Costa (TCE-RR)<\/span><\/b><\/span><\/p>\n<p style=\"padding-left: 40px;\"><strong>16h \u00e0s 16h30<\/strong> - <strong>P7<\/strong> - \u00a0\"O Papel dos Tribunais de Contas na Gest\u00e3o de Riscos Socioambientais nas Desestatiza\u00e7\u00f5es\u201d,<\/p>\n<p style=\"padding-left: 160px;\">com Gabriel Cozendey (CPI\/PUC-RJ)<\/p>\n<p style=\"padding-left: 40px;\"><span style=\"font-weight: 400;\"><strong>16h30 \u00e0s 17h<\/strong> - <strong>P8<\/strong> - \"ACB Socioecon\u00f4mica das UHEs do Tapaj\u00f3s\u201d, <\/span><\/p>\n<p style=\"padding-left: 160px;\"><span style=\"font-weight: 400;\">com Alexandre Gross (WWF-Brasil)<\/span><\/p>\n<p style=\"padding-left: 40px;\"><span style=\"font-weight: 400;\"><strong>17h \u00e0s 17h30<\/strong> - <strong>P9<\/strong> - <\/span>\"Avalia\u00e7\u00e3o da transpar\u00eancia e integridade (Guia de transpar\u00eancia de infraestrutura)\u201d,<\/p>\n<p style=\"padding-left: 160px;\">com Renato Morgado (Transpar\u00eancia Internacional - Brasil)<\/p>\n<p style=\"padding-left: 40px;\"><strong>17h30 \u00e0s 18h<\/strong>\u00a0\u00a0- Debate<\/p>\n<p style=\"padding-left: 40px;\"><span style=\"font-weight: 400;\"><strong>18h<\/strong>\u00a0- Encerramento das atividades do 2\u00ba dia<\/span><\/p>\n<p>&nbsp;<\/p>\n<hr \/>\n<h3><span style=\"color: #000080;\"><b>Dia 14 de junho<\/b><\/span><\/h3>\n<p style=\"padding-left: 40px;\"><span style=\"color: #993300;\"><b>Painel 4 - <span style=\"color: #333333;\">Moderador: Diretor Administrativo Adjunto do Ibraop, Rafael Di Bello (TCU)<\/span><\/b><\/span><\/p>\n<p style=\"padding-left: 40px;\"><span style=\"font-weight: 400;\"><strong>9h \u00e0s 9h30<\/strong> - <strong>P10<\/strong> - \"Desafios do Controle no Pacto de Retomada das Obras\",<\/span><\/p>\n<p style=\"padding-left: 160px;\"><span style=\"font-weight: 400;\">com Keyla Ara\u00fajo Boaventura (TCU)<\/span><\/p>\n<p style=\"padding-left: 40px;\"><span style=\"font-weight: 400;\"><strong>9h30 \u00e0s 10h<\/strong> - <strong>P11<\/strong> - \"Retomada de obras em Tocantins: a contribui\u00e7\u00e3o do TCE-TO\u201d,<\/span><\/p>\n<p style=\"padding-left: 160px;\"><span style=\"font-weight: 400;\">com Thiago Silva (TCE-TO)<\/span><\/p>\n<p style=\"padding-left: 40px;\"><span style=\"font-weight: 400;\"><strong>10h \u00e0s 10h30<\/strong> - <strong>P12<\/strong> - \"Obras paralisadas e aplica\u00e7\u00e3o da Lei n\u00b0 14.133\/2021\u201d,<\/span><\/p>\n<p style=\"padding-left: 160px;\"><span style=\"font-weight: 400;\"> com Pedro Jorge Rocha de Oliveira (Ibraop\/TCE-SC)<\/span><\/p>\n<p style=\"padding-left: 40px;\"><strong>10h30 \u00e0s 11h<\/strong> - <strong>P13<\/strong> - \"\u00cdndice de Maturidade de Projetos: 5CM\u201d,<\/p>\n<p style=\"padding-left: 160px;\">com Rafael Martins (TCU)<\/p>\n<p style=\"padding-left: 40px;\"><strong>11h \u00e0s 12h<\/strong> - Debate<\/p>\n<p style=\"padding-left: 40px;\"><strong>12h \u00e0s 14h<\/strong> - Intervalo para o almo\u00e7o<\/p>\n<p>&nbsp;<\/p>\n<p style=\"padding-left: 40px;\"><span style=\"color: #993300;\"><b>Painel 5 - <\/b><\/span><span style=\"color: #333333;\"><b>Moderador: Diretor de Eventos do Ibraop, Fernando Morini (TCM-SP)<\/b><\/span><\/p>\n<p style=\"padding-left: 40px;\"><span style=\"font-weight: 400;\"><strong>14h \u00e0s 14h30<\/strong> - <strong>P14<\/strong> - <\/span>\"As Melhores Pr\u00e1ticas do Plano Aerovi\u00e1rio Nacional\u201d,<\/p>\n<p style=\"padding-left: 160px;\">com Bruno Fonseca Reis (Secretaria de Avia\u00e7\u00e3o Nacional)<\/p>\n<p style=\"padding-left: 40px;\"><span style=\"font-weight: 400;\"><strong>14h30 \u00e0s 15h<\/strong> - <strong>P15<\/strong> - \"A engenharia do setor p\u00fablico\", <\/span><\/p>\n<p style=\"padding-left: 160px;\"><span style=\"font-weight: 400;\">com H\u00e9rcules Lima de Medeiros, representando presidente do Confea<\/span><\/p>\n<p style=\"padding-left: 40px;\"><span style=\"font-weight: 400;\"><strong>15h \u00e0s 15h30<\/strong> - Debate<\/span><\/p>\n<p style=\"padding-left: 40px;\"><span style=\"font-weight: 400;\"><strong>15h30 \u00e0s 16h<\/strong>\u00a0- Intervalo para <em>coffee break<\/em><\/span><\/p>\n<p>&nbsp;<\/p>\n<p style=\"padding-left: 40px;\"><span style=\"color: #993300;\"><b>Painel 6 - <span style=\"color: #333333;\">Moderador: Diretor T\u00e9cnico do Ibraop, Guilherme Bride Fernandes (TCE-ES)<\/span><\/b><\/span><\/p>\n<p style=\"padding-left: 40px;\"><strong>16h \u00e0s 16h30<\/strong> - <strong>P16<\/strong> - \"O papel dos TCs na efetividade dos Estudos T\u00e9cnicos Preliminares\u201d,<\/p>\n<p style=\"padding-left: 200px;\">com Guilherme Bride Fernandes (Ibraop\/TCE-ES)<\/p>\n<p style=\"padding-left: 40px;\"><strong>16h30 \u00e0s 17h<\/strong> - <strong>P17<\/strong> - \"Impacto financeiro nos custos da limpeza p\u00fablica dos munic\u00edpios do Piau\u00ed<\/p>\n<p style=\"padding-left: 200px;\">com a ado\u00e7\u00e3o de disposi\u00e7\u00e3o final em aterros sanit\u00e1rios\u201d,<\/p>\n<p style=\"padding-left: 200px;\">com Bruno Cavalcanti (TCE-PI)<\/p>\n<p style=\"padding-left: 40px;\"><strong>17h \u00e0s 17h30<\/strong> - Debate<\/p>\n<p style=\"padding-left: 40px;\"><strong>17h30 \u00e0s 18h - C2<\/strong> - \"Piau\u00ed: oportunidade para o futuro\u201d,<\/p>\n<p style=\"padding-left: 200px;\">com o Governador do Estado do Piau\u00ed, Rafael Fonteles<\/p>\n<p style=\"padding-left: 40px;\"><strong>18h<\/strong> - Encerramento das atividades do 3\u00ba dia<\/p>\n<p style=\"padding-left: 80px;\">- Coquetel de encerramento<\/p>\n<p>&nbsp;<\/p>\n<hr \/>\n<h3><span style=\"color: #000080;\"><b>Dia 15 de junho<\/b><\/span><\/h3>\n<p style=\"padding-left: 40px;\"><span style=\"font-weight: 400;\"><strong>9h \u00e0s 12h<\/strong> - Visita T\u00e9cnica \u00e0 Porto Piau\u00ed<\/span><\/p>\n<p>&nbsp;<\/p>\n<p>&nbsp;<\/p>\n<p>&nbsp;<\/p>\n<\/div>\n<\/div><\/div><\/div><div id=\"pgc-56-0-2\"  class=\"panel-grid-cell panel-grid-cell-empty\" ><\/div><\/div><\/div>","protected":false},"excerpt":{"rendered":"<p> [&hellip;]<\/p>\n","protected":false},"author":3,"featured_media":0,"parent":0,"menu_order":0,"comment_status":"closed","ping_status":"closed","template":"","meta":{"footnotes":""},"class_list":["post-56","page","type-page","status-publish","hentry","post"],"_links":{"self":[{"href":"https:\/\/www.ibraop.org.br\/enaop2024\/wp-json\/wp\/v2\/pages\/56","targetHints":{"allow":["GET"]}}],"collection":[{"href":"https:\/\/www.ibraop.org.br\/enaop2024\/wp-json\/wp\/v2\/pages"}],"about":[{"href":"https:\/\/www.ibraop.org.br\/enaop2024\/wp-json\/wp\/v2\/types\/page"}],"author":[{"embeddable":true,"href":"https:\/\/www.ibraop.org.br\/enaop2024\/wp-json\/wp\/v2\/users\/3"}],"replies":[{"embeddable":true,"href":"https:\/\/www.ibraop.org.br\/enaop2024\/wp-json\/wp\/v2\/comments?post=56"}],"version-history":[{"count":64,"href":"https:\/\/www.ibraop.org.br\/enaop2024\/wp-json\/wp\/v2\/pages\/56\/revisions"}],"predecessor-version":[{"id":634,"href":"https:\/\/www.ibraop.org.br\/enaop2024\/wp-json\/wp\/v2\/pages\/56\/revisions\/634"}],"wp:attachment":[{"href":"https:\/\/www.ibraop.org.br\/enaop2024\/wp-json\/wp\/v2\/media?parent=56"}],"curies":[{"name":"wp","href":"https:\/\/api.w.org\/{rel}","templated":true}]}}